{"version":"1.0","provider_name":"Servi\u00e7o Municipal de Agua e Esgoto de Cajobi","provider_url":"https:\/\/semaecajobi.com.br","author_name":"admin","author_url":"https:\/\/semaecajobi.com.br\/index.php\/author\/gustavobaldo\/","title":"- Servi\u00e7o Municipal de Agua e Esgoto de Cajobi","type":"rich","width":600,"height":338,"html":"<blockquote class=\"wp-embedded-content\" data-secret=\"p80LZIDF9c\"><a href=\"https:\/\/semaecajobi.com.br\/index.php\/2023\/09\/26\/163\/\"><\/a><\/blockquote><iframe sandbox=\"allow-scripts\" security=\"restricted\" src=\"https:\/\/semaecajobi.com.br\/index.php\/2023\/09\/26\/163\/embed\/#?secret=p80LZIDF9c\" width=\"600\" height=\"338\" title=\"&#8220;&#8221; &#8212; Servi\u00e7o Municipal de Agua e Esgoto de Cajobi\" data-secret=\"p80LZIDF9c\" frameborder=\"0\" marginwidth=\"0\" marginheight=\"0\" scrolling=\"no\" class=\"wp-embedded-content\"><\/iframe><script type=\"text\/javascript\">\n\/* <![CDATA[ *\/\n\/*! This file is auto-generated *\/\n!function(d,l){\"use strict\";l.querySelector&&d.addEventListener&&\"undefined\"!=typeof URL&&(d.wp=d.wp||{},d.wp.receiveEmbedMessage||(d.wp.receiveEmbedMessage=function(e){var t=e.data;if((t||t.secret||t.message||t.value)&&!\/[^a-zA-Z0-9]\/.test(t.secret)){for(var s,r,n,a=l.querySelectorAll('iframe[data-secret=\"'+t.secret+'\"]'),o=l.querySelectorAll('blockquote[data-secret=\"'+t.secret+'\"]'),c=new RegExp(\"^https?:$\",\"i\"),i=0;i<o.length;i++)o[i].style.display=\"none\";for(i=0;i<a.length;i++)s=a[i],e.source===s.contentWindow&&(s.removeAttribute(\"style\"),\"height\"===t.message?(1e3<(r=parseInt(t.value,10))?r=1e3:~~r<200&&(r=200),s.height=r):\"link\"===t.message&&(r=new URL(s.getAttribute(\"src\")),n=new URL(t.value),c.test(n.protocol))&&n.host===r.host&&l.activeElement===s&&(d.top.location.href=t.value))}},d.addEventListener(\"message\",d.wp.receiveEmbedMessage,!1),l.addEventListener(\"DOMContentLoaded\",function(){for(var e,t,s=l.querySelectorAll(\"iframe.wp-embedded-content\"),r=0;r<s.length;r++)(t=(e=s[r]).getAttribute(\"data-secret\"))||(t=Math.random().toString(36).substring(2,12),e.src+=\"#?secret=\"+t,e.setAttribute(\"data-secret\",t)),e.contentWindow.postMessage({message:\"ready\",secret:t},\"*\")},!1)))}(window,document);\n\/\/# sourceURL=https:\/\/semaecajobi.com.br\/wp-includes\/js\/wp-embed.min.js\n\/* ]]> *\/\n<\/script>\n","thumbnail_url":"https:\/\/semaecajobi.com.br\/wp-content\/uploads\/2023\/09\/grafico.jpg","thumbnail_width":941,"thumbnail_height":452,"description":"\ud83d\udce2 ALERTA \u2013 SEMAE AMBIENTAL\ud83d\udca6 Devido a onda de calor extrema que estamos passando, com temperaturas beirando os 40\u00b0C e umidade baixa, neste final de semana registramos um dos maiores \u00edndices de consumo de \u00e1gua do ano e a redu\u00e7\u00e3o dos n\u00edveis dos po\u00e7os. Assim, solicitamos a colabora\u00e7\u00e3o da popula\u00e7\u00e3o para que use \u00e1gua com responsabilidade, evitando o desperd\u00edcio. Veja algumas dicas de consumo consciente, visando garantir o abastecimento sem interrup\u00e7\u00f5es e interfer\u00eancias: Evite lavagem de cal\u00e7adas; Tome banho r\u00e1pido; Acumule roupas antes de lavar; Cheque poss\u00edveis vazamentos; Feche a torneira para lavar as lou\u00e7as; Feche a torneira ao escovar os dentes. Gr\u00e1fico Demonstrativo do N\u00edvel dos Reservat\u00f3rios."}